
{"id":496,"date":"2012-08-14T00:27:06","date_gmt":"2012-08-14T00:27:06","guid":{"rendered":"http:\/\/costadosolhotel.com.br\/index2.php\/?page_id=496"},"modified":"2016-05-25T15:48:34","modified_gmt":"2016-05-25T15:48:34","slug":"em-bertioga","status":"publish","type":"page","link":"https:\/\/costadosolhotel.com.br\/index2.php\/em-bertioga\/","title":{"rendered":"Em Bertioga"},"content":{"rendered":"<p><a name=\"topo\"><\/a>Dicas para:<\/p>\n<ul>\n<li><strong><a href=\"#comer\"><span style=\"text-decoration: underline;\">Comer, Beber e Dan\u00e7ar<\/span><\/a><\/strong><\/li>\n<li><strong><a href=\"#turismo\"><span style=\"text-decoration: underline;\">Turismo<\/span><\/a><\/strong><\/li>\n<li><strong><a href=\"#festas\"><span style=\"text-decoration: underline;\">Festas T\u00edpicas<\/span><\/a><\/strong><\/li>\n<\/ul>\n<h2>Bertioga<\/h2>\n<p>&nbsp;<\/p>\n<p>A cidade \u00e9 conhecida como a porta de entrada do litoral norte, uma cidade praiana, onde passado e presente se misturam, resultando num lugar agrad\u00e1vel e de parada obrigat\u00f3ria para os turistas.<\/p>\n<p>S\u00e3o 33 Km de praias e\u00a0482 km\u00b2 de mata Atl\u00e2ntica, que resultam numa das maiores \u00e1reas de preserva\u00e7\u00e3o do estado de S\u00e3o Paulo, a apenas 108 Km da capital SP.<\/p>\n<p>Nesta rica biodiversidade, um dos melhores programas s\u00e3o as trilhas\u00a0que terminam em para\u00edsos ecol\u00f3gicos, como o passeio de 3 km at\u00e9 a Prainha Branca ou a descida de acquaride pelas corredeiras do Rio Itapanha\u00fa.Al\u00e9m disso, os moradores de Bertioga t\u00eam muitos outros motivos pra se orgulhar, pois a cidade teve grande import\u00e2ncia no desenvolvimento hist\u00f3rico do pa\u00eds.<\/p>\n<p>Prova disso \u00e9 o Forte S\u00e3o Jo\u00e3o, fundado em 1547 \u00e0s margens do Canal Bertioga, que \u00e9 a fortaleza mais antiga e tamb\u00e9m a mais bem conservada do Brasil.<br \/>\nNa \u00e1rea do entorno do Forte, fica o Parque dos Tupiniquins, onde est\u00e1 localizada a \u00fanica est\u00e1tua do cacique tupinamb\u00e1 Cunhambebe do pa\u00eds, que esteve ali em 22 de setembro de 1563, acompanhado do Padre Jos\u00e9 de Anchieta para selar a paz entre colonos e \u00edndios.<\/p>\n<p>Quem curte hist\u00f3ria, n\u00e3o pode perder tamb\u00e9m o passeio \u00e0 Vila de Itatinga, onde funciona a Usina Hidrel\u00e9trica de Itatinga, que desde 1910 at\u00e9 hoje, abastece todo o Porto de Santos. Por meio de um bondinho do in\u00edcio do s\u00e9culo passado, o visitante \u00e9 conduzido por uma bela mata, at\u00e9 avistar as casinhas que conservam o original estilo brit\u00e2nico de suas constru\u00e7\u00f5es.<\/p>\n<p>Outro passeio imperd\u00edvel \u00e9 a Aldeia Ind\u00edgena do Rio Silveira, localizada numa \u00e1rea de mais de 948 hectares, entre as cabeceiras do Rio Silveira e do Ribeir\u00e3o Vermelho, a aldeia fica na divisa entre Bertioga e S\u00e3o Sebasti\u00e3o, e abriga cerca de 400 \u00edndios tupi-guaranis.<\/p>\n<h2>Comer, Beber e Dan\u00e7ar<\/h2>\n<p><strong><a name=\"comer\"><\/a><\/strong><\/p>\n<p>&nbsp;<\/p>\n<p><strong><span style=\"text-decoration: underline;\">Thobias Ostras:<\/span><\/strong><\/p>\n<p>&nbsp;<\/p>\n<p><a href=\"http:\/\/costadosolhotel.com.br\/wp-content\/uploads\/Thobias_Ostras.jpg\"><img loading=\"lazy\" decoding=\"async\" class=\"alignleft  wp-image-585\" title=\"Thobias Ostras\" src=\"http:\/\/costadosolhotel.com.br\/wp-content\/uploads\/Thobias_Ostras.jpg\" alt=\"Thobias Ostras\" width=\"225\" height=\"170\" \/><\/a>Em um ambiente muito simples \u00e0s margens da rodovia Rio \u2013 Santos est\u00e1 o \u201cThobias Ostras\u201d, uma casa muito modesta principalmente para altura do seu chefe de cozinha! Simplesmente o melhor do litoral paulista! N\u00e3o deixe de pedir a sugest\u00e3o dele e ele te servir\u00e1 o melhor! Nossas Sugest\u00f5es: Sardinha Escabech; Mariscos a Vinagrete; Fil\u00e9 de Peixe a Thobias; Fil\u00e9 de Peixe com Molho de Camar\u00e3o; Risoto de Camar\u00e3o e o Camar\u00e3o a Grega entre muitos outros, e claro as Ostras!<\/p>\n<p>Rodovia Rio \u2013 Santos, km 205,5 \u2013 Bairro do Itaguar\u00e9 \u2013 Segundo Restaurante no sentido S\u00e3o Sebasti\u00e3o \u2013 N\u00e3o deixe se impressionar pela simplicidade do local!<br \/>\nInforma\u00e7\u00f5es: (13) 9746.6580 \/ 9629.5642 \/ 8150.2901 \u2013 Thobias e Luiza<\/p>\n<p>&nbsp;<\/p>\n<p><a href=\"#topo\"><img loading=\"lazy\" decoding=\"async\" class=\"alignright size-full wp-image-529\" title=\"bt_topo\" src=\"http:\/\/costadosolhotel.com.br\/wp-content\/uploads\/bt_topo.gif\" alt=\"voltar para o topo da p\u00e1gina\" width=\"46\" height=\"14\" \/><\/a><\/p>\n<p>&nbsp;<\/p>\n<p>&nbsp;<\/p>\n<p>&nbsp;<\/p>\n<p><strong><span style=\"text-decoration: underline;\">Sorveteria Aquarela:<\/span><\/strong><\/p>\n<p>&nbsp;<\/p>\n<p><a href=\"http:\/\/costadosolhotel.com.br\/wp-content\/uploads\/sorveteria_aquarela.png\"><img loading=\"lazy\" decoding=\"async\" class=\"alignleft size-full wp-image-506\" title=\"sorveteria_aquarela\" src=\"http:\/\/costadosolhotel.com.br\/wp-content\/uploads\/sorveteria_aquarela.png\" alt=\"\" width=\"225\" height=\"170\" \/><\/a>N\u00e3o deixe de saborear um dos mais de 100 sabores fabricados e servidos na Aquarela, entre eles, algod\u00e3o doce, chopp escuro, iogurte c\/ maracuj\u00e1, leite ninho, amarula, amora, malzbier, bailey, banana caramelizada, manjar, cafezinho, caipirinha, ferrero rocher, cerveja, chicletes, entre muitos outros!<\/p>\n<p>Na noite, a Aquarela Sorveteria se transforma e se revela a Aquarela Lounge Bar, uma balada muito legal, com gente bonita e boa musica para completar o seu dia!<\/p>\n<p>Av. Vicente de Carvalho, 540 &#8211; Centro \u2013 Vila (em frente ao canal \u2013 junto \u00e0 balsa). Informa\u00e7\u00f5es: (13) 3317.5223 Felipe<\/p>\n<p><a href=\"#topo\"><img loading=\"lazy\" decoding=\"async\" class=\"alignright size-full wp-image-529\" title=\"bt_topo\" src=\"http:\/\/costadosolhotel.com.br\/wp-content\/uploads\/bt_topo.gif\" alt=\"voltar para o topo da p\u00e1gina\" width=\"46\" height=\"14\" \/><\/a><\/p>\n<h2><\/h2>\n<p><strong><span style=\"text-decoration: underline;\">Pastel do Trevo:<\/span><\/strong><\/p>\n<p><strong><\/strong><br \/>\n<a href=\"http:\/\/costadosolhotel.com.br\/wp-content\/uploads\/pastel_do_trevo.png\"><img loading=\"lazy\" decoding=\"async\" class=\"alignleft size-full wp-image-507\" title=\"pastel_do_trevo\" src=\"http:\/\/costadosolhotel.com.br\/wp-content\/uploads\/pastel_do_trevo.png\" alt=\"Pastel do Trevo\" width=\"224\" height=\"167\" \/><\/a>Imposs\u00edvel passar por Bertioga sem experimentar o Pastel do Trevo. H\u00e1 16 anos sem mudar de endere\u00e7o, o local j\u00e1 virou ponto tur\u00edstico da cidade.<\/p>\n<p>O propriet\u00e1rio Donizete explica que no in\u00edcio a id\u00e9ia era transformar o pastel que sempre foi visto como um petisco, num lanche completo &#8211; quase uma refei\u00e7\u00e3o. Assim, o Pastel do Trevo j\u00e1 come\u00e7ou a ser vendido num tamanho maior do que o normal, e foi aumentando com a aceita\u00e7\u00e3o da clientela.<\/p>\n<p>Hoje os past\u00e9is t\u00eam de 25 a 30 cm de comprimento e podem chegar a 800 gramas de recheio, como \u00e9 o caso do x-tudo. Al\u00e9m disso, tamb\u00e9m s\u00e3o vendidos outros salgados em tamanho avantajado, como \u00e9 o caso da &#8220;Teta de Mo\u00e7a&#8221;, uma \u201cquase-tradicional\u201d coxinha de frango com 150 gramas de recheio.<\/p>\n<p>Onde fica: Na Rodovia Rio \u2013 Santos, km 226 &#8211; Trevo Principal de Bertioga \u2013 Esquina com Avenida 19 de Maio.<br \/>\n<a href=\"#topo\"><img loading=\"lazy\" decoding=\"async\" class=\"alignright size-full wp-image-529\" title=\"bt_topo\" src=\"http:\/\/costadosolhotel.com.br\/wp-content\/uploads\/bt_topo.gif\" alt=\"voltar para o topo da p\u00e1gina\" width=\"46\" height=\"14\" \/><\/a><\/p>\n<p><strong><a name=\"turismo\"><\/a><br \/>\n<\/strong><\/p>\n<h2>Turismo<\/h2>\n<p>&nbsp;<\/p>\n<p><strong><a name=\"turismo\"><\/a><\/strong><\/p>\n<p><strong><span style=\"text-decoration: underline;\">Canoagem no Rio Itapanha\u00fa:<\/span><\/strong><\/p>\n<p>&nbsp;<\/p>\n<p><a href=\"http:\/\/costadosolhotel.com.br\/wp-content\/uploads\/canoagem.png\"><img loading=\"lazy\" decoding=\"async\" class=\"alignleft size-full wp-image-508\" title=\"canoagem\" src=\"http:\/\/costadosolhotel.com.br\/wp-content\/uploads\/canoagem.png\" alt=\"Canoagem\" width=\"224\" height=\"167\" \/><\/a>O Rio Itapanha\u00fa \u00e9 o principal rio do litoral norte e proporciona belos passeios, por trechos de manguezais e mata atl\u00e2ntica, tendo como plano de fundo a Serra do Mar. O Itapanha\u00fa vem do planalto, margeando a estrada Mogi-Bertioga, formando as belas cachoeiras que se pode ver da estrada.<\/p>\n<p>S\u00e3o poss\u00edveis v\u00e1rios roteiros nessa regi\u00e3o. Para um belo passeio sob orienta\u00e7\u00e3o e seguran\u00e7a de uma renomada bi\u00f3loga marinha, procure a Gabriela na Capitania das Ostras. L\u00e1 voc\u00ea encontrar\u00e1 caiaques individuais e duplos, canoas canadenses, equipamentos de seguran\u00e7a e ter\u00e1 instrutores para acompanh\u00e1-lo!<\/p>\n<p>Rodovia Rio \u2013 Santos, km 205 \u2013 Bairro do Itaguar\u00e9 \u2013 Junto ao rio e ponte. Informa\u00e7\u00f5es (13) 9.9758.2218 &#8211; Gabriela<br \/>\n<a href=\"#topo\"><img loading=\"lazy\" decoding=\"async\" class=\"alignright size-full wp-image-529\" title=\"bt_topo\" src=\"http:\/\/costadosolhotel.com.br\/wp-content\/uploads\/bt_topo.gif\" alt=\"voltar para o topo da p\u00e1gina\" width=\"46\" height=\"14\" \/><\/a><br \/>\n<strong><span style=\"text-decoration: underline;\">Passeio de Escuna:<\/span><\/strong><\/p>\n<p>&nbsp;<\/p>\n<p><a href=\"http:\/\/costadosolhotel.com.br\/wp-content\/uploads\/passeio_escuna.png\"><img loading=\"lazy\" decoding=\"async\" class=\"alignleft size-full wp-image-509\" title=\"passeio_escuna\" src=\"http:\/\/costadosolhotel.com.br\/wp-content\/uploads\/passeio_escuna.png\" alt=\"Passeio de Escuna\" width=\"224\" height=\"160\" \/><\/a>Com capacidade para 80 pessoas, a Escuna Pas\u00e1rgada realiza passeios que partem do P\u00eder de Bertioga, passando pelo Canal em dire\u00e7\u00e3o \u00e0s Praias Branca, Preta e Camburizinho, as Ilhas Guar\u00e1 e Rasa e uma parada de 10 minutos para banho na Praia de Iporanga, em Guaruj\u00e1.<\/p>\n<p>O passeio tem dura\u00e7\u00e3o de 100 minutos e custa em m\u00e9dia R$15,00 por pessoa (sa\u00edda m\u00ednima com 20 pessoas = R$ 300, 00 &#8211; Se algu\u00e9m desejar bancar o m\u00ednimo sozinho e sair, tamb\u00e9m pode).\u00a0O embarque ocorre no pier junto \u00e0 balsa Bertioga \u2013 Guaruj\u00e1. Informa\u00e7\u00f5es (13) 9.9705.0448 &#8211; Paulo<br \/>\n<a href=\"#topo\"><img loading=\"lazy\" decoding=\"async\" class=\"alignright size-full wp-image-529\" title=\"bt_topo\" src=\"http:\/\/costadosolhotel.com.br\/wp-content\/uploads\/bt_topo.gif\" alt=\"voltar para o topo da p\u00e1gina\" width=\"46\" height=\"14\" \/><\/a><br \/>\n<strong><\/strong><\/p>\n<p>&nbsp;<\/p>\n<p><strong><span style=\"text-decoration: underline;\">Aldeia Ind\u00edgena Rio Silveira:<\/span><\/strong><\/p>\n<p>&nbsp;<\/p>\n<p><a href=\"http:\/\/costadosolhotel.com.br\/wp-content\/uploads\/aldeia_indigena_rio_silveira.png\"><img loading=\"lazy\" decoding=\"async\" class=\"alignleft size-full wp-image-510\" title=\"aldeia_indigena_rio_silveira\" src=\"http:\/\/costadosolhotel.com.br\/wp-content\/uploads\/aldeia_indigena_rio_silveira.png\" alt=\"\" width=\"224\" height=\"150\" \/><\/a>A Aldeia do Rio Silveira \u00e9 um dos grandes motivos de orgulho de Bertioga.<\/p>\n<p>Localizada numa \u00e1rea de mais de 948 hectares, entre as cabeceiras do Rio Silveira e do Ribeir\u00e3o Vermelho, a aldeia est\u00e1 a 1500 metros da praia, no bairro de Borac\u00e9ia, divisa entre Bertioga e S\u00e3o Sebasti\u00e3o.<\/p>\n<p>O local abriga cerca de 400 \u00edndios tupi-guaranis, divididos em seis grupos, com seis l\u00edderes que auxiliam o cacique.<\/p>\n<p>Essas fam\u00edlias sobrevivem do cultivo e com\u00e9rcio do palmito pupunha, da venda de artesanato e plantas ornamentais na Rodovia Rio-Santos. Na comunidade h\u00e1 tamb\u00e9m atendimento na \u00e1rea de educa\u00e7\u00e3o e sa\u00fade, que conta com uma escola para as crian\u00e7as.<\/p>\n<p>O acesso \u00e0 aldeia se faz por uma travessa da Rodovia Rio \u2013 Santos, na divisa de Bertioga com S\u00e3o Sebasti\u00e3o na praia de Borac\u00e9ia.<br \/>\n<a href=\"#topo\"><img loading=\"lazy\" decoding=\"async\" class=\"alignright size-full wp-image-529\" title=\"bt_topo\" src=\"http:\/\/costadosolhotel.com.br\/wp-content\/uploads\/bt_topo.gif\" alt=\"voltar para o topo da p\u00e1gina\" width=\"46\" height=\"14\" \/><\/a><br \/>\n<strong><span style=\"text-decoration: underline;\">Vila de Itatinga:<\/span><\/strong><\/p>\n<p>&nbsp;<\/p>\n<p><a href=\"http:\/\/costadosolhotel.com.br\/wp-content\/uploads\/vila_itatinga.png\"><img loading=\"lazy\" decoding=\"async\" class=\"alignleft size-full wp-image-511\" title=\"vila_itatinga\" src=\"http:\/\/costadosolhotel.com.br\/wp-content\/uploads\/vila_itatinga.png\" alt=\"Vila de Itatinga\" width=\"226\" height=\"168\" \/><\/a>Este pequeno lugarejo s\u00f3 \u00e9 acess\u00edvel atrav\u00e9s de\u00a0uma linha de bonde, o \u00fanico meio de transporte que serve ao lugarejo, pois ali n\u00e3o h\u00e1 estradas. S\u00e3o 7 km por mangues, ru\u00ednas do s\u00e9culo XVII e riachos que vem da serra. Antes de pegar o bonde, ainda \u00e9 necess\u00e1rio pegar um barco que atravessa o Rio Itapanha\u00fa. Isto contribuiu para que o lugar esteja do mesmo modo que estava h\u00e1 mais de 100 anos, conservando o clima buc\u00f3lico e a extrema tranq\u00fcilidade.<\/p>\n<p>A Vila de Itatinga foi inaugurada em 1910\u00a0para servir de apoio para a Usina Hidrel\u00e9trica de Itatinga, localizada na vila, que gera at\u00e9 hoje energia para o Porto de Santos,\u00a0sendo administrada pela Companhia Docas do Estado de S\u00e3o Paulo.<\/p>\n<p>Cerca de 120 pessoas vivem na Vila de Itatinga. O lugarejo conta com padaria, servi\u00e7o m\u00e9dico, escola e um clube que recebe alguns turistas aos fins de semana, quando ocorre sempre um amistoso de futebol entre os locais e um time visitante. Alguns turistas tem na Vila de Itatinga o ponto final de uma trilha que se inicia na zona rural de Mogi das Cruzes, na parte superior da Serra do Mar, depois de 6 horas de caminhada. Informa\u00e7\u00f5es (13) 3317.3667<\/p>\n<p>Da vila partem tr\u00eas passeios que levam atrav\u00e9s de caminhadas a piscinas naturais e cachoeiras (n\u00edvel m\u00e9dio, com 5 km. de percurso, levando seis horas e meia) Pesquise a respeito em empresas de turismo credenciadas.<br \/>\n<a href=\"#topo\"><img loading=\"lazy\" decoding=\"async\" class=\"alignright size-full wp-image-529\" title=\"bt_topo\" src=\"http:\/\/costadosolhotel.com.br\/wp-content\/uploads\/bt_topo.gif\" alt=\"voltar para o topo da p\u00e1gina\" width=\"46\" height=\"14\" \/><\/a><br \/>\n<strong><span style=\"text-decoration: underline;\">Forte de S\u00e3o Jo\u00e3o:<\/span><\/strong><\/p>\n<p>&nbsp;<\/p>\n<p><a href=\"http:\/\/costadosolhotel.com.br\/wp-content\/uploads\/forte_sao_joao.png\"><img loading=\"lazy\" decoding=\"async\" class=\"alignleft size-full wp-image-512\" title=\"forte_sao_joao\" src=\"http:\/\/costadosolhotel.com.br\/wp-content\/uploads\/forte_sao_joao.png\" alt=\"Forte de S\u00e3o Jo\u00e3o\" width=\"224\" height=\"143\" \/><\/a>Inicialmente chamado de Forte S\u00e3o Thiago foi constru\u00eddo em 1532, a mando de Martin Afonso de Souza, primeira fortaleza erguida no Brasil, constru\u00edda em pali\u00e7ada de madeira.<\/p>\n<p>Ap\u00f3s um ataque\u00a0ind\u00edgena que resultou em sua destrui\u00e7\u00e3o, foi reerguido em alvenaria em 1547.<\/p>\n<p>Em 1765 passou a ser chamado de Forte S\u00e3o Jo\u00e3o, devido a uma capela erguida em homenagem a este santo.<\/p>\n<p>Ap\u00f3s 408 anos de sua constru\u00e7\u00e3o, em 1940 o Forte S\u00e3o Jo\u00e3o foi declarado como patrim\u00f4nio hist\u00f3rico, tombado oficialmente pelo\u00a0Instituto do Patrim\u00f4nio Hist\u00f3rico e Art\u00edstico Nacional (IPHAN), quando recebeu obras de restaura\u00e7\u00e3o.<\/p>\n<p>Ap\u00f3s longo per\u00edodo fechado \u00e0 visita\u00e7\u00e3o, em 2000, depois de outro processo de restauro, foi reaberto ao p\u00fablico.<\/p>\n<p>Al\u00e9m de sua beleza arquitet\u00f4nica, a fortaleza est\u00e1 integrada a natureza local, como o canal de Bertioga, Praia da Enseada e o Parque dos Tupiniquins.<\/p>\n<p>Onde fica: Avenida Tom\u00e9 de Souza (vila), na entrada do canal de Bertioga e funciona todos os dias, das 9h00 \u00e0s 17h00.<br \/>\n<a href=\"#topo\"><img loading=\"lazy\" decoding=\"async\" class=\"alignright size-full wp-image-529\" title=\"bt_topo\" src=\"http:\/\/costadosolhotel.com.br\/wp-content\/uploads\/bt_topo.gif\" alt=\"voltar para o topo da p\u00e1gina\" width=\"46\" height=\"14\" \/><\/a><br \/>\n<strong><span style=\"text-decoration: underline;\">Riviera de S\u00e3o Louren\u00e7o:<\/span><\/strong><\/p>\n<p>&nbsp;<\/p>\n<p><a href=\"http:\/\/costadosolhotel.com.br\/wp-content\/uploads\/rivieira_sao_lourenco.png\"><img loading=\"lazy\" decoding=\"async\" class=\"alignleft size-full wp-image-513\" title=\"rivieira_sao_lourenco\" src=\"http:\/\/costadosolhotel.com.br\/wp-content\/uploads\/rivieira_sao_lourenco.png\" alt=\"Rivieira de S\u00e3o Louren\u00e7o\" width=\"215\" height=\"140\" \/><\/a>A Riviera de S\u00e3o Louren\u00e7o \u00e9 um bairro planejado para o bem estar e qualidade de vida. Conhe\u00e7a l\u00e1 o melhor exemplo brasileiro de ocupa\u00e7\u00e3o sustent\u00e1vel. Centro de compras, gastronomia e bel\u00edssimas mans\u00f5es. Tudo isto com tratamento de esgoto, reciclagem de lixo e pr\u00e1ticas sustent\u00e1veis.<\/p>\n<p>O compromisso \u00e9 conservar e preservar o meio ambiente dentro dos princ\u00edpios do desenvolvimento sustentado, sendo que os trabalhos e opera\u00e7\u00f5es, produtos e servi\u00e7os est\u00e3o em harmonia com o meio ambiente, garantindo sua conserva\u00e7\u00e3o e preserva\u00e7\u00e3o para as gera\u00e7\u00f5es futuras.<\/p>\n<p>Onde fica: Rodovia Rio-Santos, km 210<\/p>\n<p><a href=\"#topo\"><img loading=\"lazy\" decoding=\"async\" class=\"alignright size-full wp-image-529\" title=\"bt_topo\" src=\"http:\/\/costadosolhotel.com.br\/wp-content\/uploads\/bt_topo.gif\" alt=\"voltar para o topo da p\u00e1gina\" width=\"46\" height=\"14\" \/><\/a><\/p>\n<p><strong><a name=\"festas\"><\/a><br \/>\n<\/strong><\/p>\n<h2>Festas T\u00edpicas:<\/h2>\n<p>&nbsp;<\/p>\n<p><strong><a name=\"festas\"><\/a><\/strong><\/p>\n<p><strong><span style=\"text-decoration: underline;\">Festa do \u00cdndio:<\/span><\/strong><\/p>\n<p>&nbsp;<\/p>\n<p><a href=\"http:\/\/costadosolhotel.com.br\/wp-content\/uploads\/festa_do_indio.png\"><img loading=\"lazy\" decoding=\"async\" class=\"alignleft size-full wp-image-514\" title=\"festa_do_indio\" src=\"http:\/\/costadosolhotel.com.br\/wp-content\/uploads\/festa_do_indio.png\" alt=\"Festa do \u00cdndio\" width=\"220\" height=\"223\" \/><\/a>Desde 2001, ano do primeiro Festival da Cultura Ind\u00edgena, Bertioga passou a ser conhecida como a Capital Nacional do \u00edndio e a festa n\u00e3o parou de crescer, ganhando at\u00e9 mesmo proje\u00e7\u00e3o internacional, com imagens e mat\u00e9rias veiculadas em pa\u00edses como Estados Unidos, Alemanha, Inglaterra, It\u00e1lia, Espanha, entre outros.<\/p>\n<p>O festival contar\u00e1 com diversas apresenta\u00e7\u00f5es culturais, esportivas, culin\u00e1ria e musical alem da feira de artesanato e ser\u00e1 realizado no Parque dos Tupiniquins, centro de Bertioga.<br \/>\n<a href=\"#topo\"><img loading=\"lazy\" decoding=\"async\" class=\"alignright size-full wp-image-529\" title=\"bt_topo\" src=\"http:\/\/costadosolhotel.com.br\/wp-content\/uploads\/bt_topo.gif\" alt=\"voltar para o topo da p\u00e1gina\" width=\"46\" height=\"14\" \/><\/a><br \/>\n<strong><\/strong><\/p>\n<p>&nbsp;<\/p>\n<p>&nbsp;<\/p>\n<p>&nbsp;<\/p>\n<p>&nbsp;<\/p>\n<p><strong><span style=\"text-decoration: underline;\">Festa da Tainha:<\/span><\/strong><\/p>\n<p>&nbsp;<\/p>\n<p><a href=\"http:\/\/costadosolhotel.com.br\/wp-content\/uploads\/festa_da_tainha.png\"><img loading=\"lazy\" decoding=\"async\" class=\"alignleft size-full wp-image-515\" title=\"festa_da_tainha\" src=\"http:\/\/costadosolhotel.com.br\/wp-content\/uploads\/festa_da_tainha.png\" alt=\"Festa da Tainha\" width=\"222\" height=\"148\" \/><\/a>Bertioga, no litoral de S\u00e3o Paulo, t\u00eam programa\u00e7\u00e3o especial na \u00e1rea da gastronomia para os finais de semana de julho, onde a atra\u00e7\u00e3o principal \u00e9 a tainha assada com organiza\u00e7\u00e3o do Lions Clube.<\/p>\n<p>A festa de 2012 come\u00e7ou na sexta-feira (29), \u00e0s 20h, e seguiu at\u00e9 o \u00faltimo fim de semana do m\u00eas de julho.<\/p>\n<p>A tainha \u00e9 servida de dois modos, a tradicional fechada ou a espalmada.<\/p>\n<p>A festa aconteceu na Pra\u00e7a de Eventos, ao lado do Forte S\u00e3o Jo\u00e3o, na Praia da Enseada (Centro). O evento \u00e9 realizado h\u00e1 35 anos.<br \/>\n<a href=\"#topo\"><img loading=\"lazy\" decoding=\"async\" class=\"alignright size-full wp-image-529\" title=\"bt_topo\" src=\"http:\/\/costadosolhotel.com.br\/wp-content\/uploads\/bt_topo.gif\" alt=\"voltar para o topo da p\u00e1gina\" width=\"46\" height=\"14\" \/><\/a><br \/>\n<strong><span style=\"text-decoration: underline;\">Festa do Camar\u00e3o na Moranga:<\/span><\/strong><\/p>\n<p>&nbsp;<\/p>\n<p><a href=\"http:\/\/costadosolhotel.com.br\/wp-content\/uploads\/festa_camarao_moranga.png\"><img loading=\"lazy\" decoding=\"async\" class=\"alignleft size-full wp-image-516\" title=\"festa_camarao_moranga\" src=\"http:\/\/costadosolhotel.com.br\/wp-content\/uploads\/festa_camarao_moranga.png\" alt=\"Festa do Camar\u00e3o na Moranga\" width=\"222\" height=\"165\" \/><\/a>Dando sequ\u00eancia \u00e0s tradicionais atividades gastron\u00f4micas de Bertioga, em agosto e setembro (informe-se anualmente quanto a data de in\u00edcio e t\u00e9rmino) ocorre Festa do Camar\u00e3o na Moranga (em 2012 foi a 18\u00aa.), uma iniciativa da Col\u00f4nia de Pescadores Z-23.<\/p>\n<p>A festividade acontece sempre aos finais de semana na estrutura montada na Pra\u00e7a de Eventos, localizada na Praia da Enseada, no Centro.<\/p>\n<p>O atendimento ao p\u00fablico acontecer\u00e1 \u00e0s sextas-feiras, no jantar, a partir das 20 horas, s\u00e1bados, almo\u00e7o e jantar, e aos domingos almo\u00e7o, a partir das 12 horas.<\/p>\n<p>Al\u00e9m do prato principal, a Col\u00f4nia de Pescadores Z-23 ter\u00e1 outras op\u00e7\u00f5es como por\u00e7\u00f5es de isca de peixe, camar\u00e3o sete barbas, caranguejo, ostras, entre outros frutos do mar. As rendas s\u00e3o revertidas para entidades assistenciais.<\/p>\n<p><a href=\"#topo\"><img loading=\"lazy\" decoding=\"async\" class=\"alignright size-full wp-image-529\" title=\"bt_topo\" src=\"http:\/\/costadosolhotel.com.br\/wp-content\/uploads\/bt_topo.gif\" alt=\"voltar para o topo da p\u00e1gina\" width=\"46\" height=\"14\" \/><\/a><\/p>\n","protected":false},"excerpt":{"rendered":"<p>Dicas para: Comer, Beber e Dan\u00e7ar Turismo Festas T\u00edpicas Bertioga &nbsp; A cidade \u00e9 conhecida como a porta de entrada do litoral norte, uma cidade praiana, onde passado e presente se misturam, resultando num lugar agrad\u00e1vel e de parada obrigat\u00f3ria para os turistas. S\u00e3o 33 Km de praias e\u00a0482 km\u00b2 de mata Atl\u00e2ntica, que resultam numa das maiores \u00e1reas de preserva\u00e7\u00e3o do estado de S\u00e3o Paulo, a apenas 108 Km da capital SP. Nesta rica biodiversidade, um dos melhores programas s\u00e3o as trilhas\u00a0que terminam em para\u00edsos ecol\u00f3gicos, como o passeio de 3 km at\u00e9 a Prainha Branca ou a descida de acquaride pelas corredeiras do Rio Itapanha\u00fa.Al\u00e9m disso, os moradores de Bertioga t\u00eam muitos outros motivos pra se orgulhar, pois a cidade teve grande import\u00e2ncia no desenvolvimento hist\u00f3rico do pa\u00eds. Prova disso \u00e9 o Forte S\u00e3o Jo\u00e3o, fundado em 1547 \u00e0s margens do Canal Bertioga, que \u00e9 a fortaleza mais antiga e tamb\u00e9m a mais bem conservada do Brasil. Na \u00e1rea do entorno do Forte, fica o Parque dos Tupiniquins, onde est\u00e1 localizada a \u00fanica est\u00e1tua do cacique tupinamb\u00e1 Cunhambebe do pa\u00eds, que esteve ali em 22 de setembro de 1563, acompanhado do Padre Jos\u00e9 de Anchieta para selar a [&hellip;]<\/p>\n","protected":false},"author":1,"featured_media":0,"parent":0,"menu_order":0,"comment_status":"open","ping_status":"open","template":"","meta":{"footnotes":""},"class_list":["post-496","page","type-page","status-publish","hentry"],"_links":{"self":[{"href":"https:\/\/costadosolhotel.com.br\/index2.php\/wp-json\/wp\/v2\/pages\/496","targetHints":{"allow":["GET"]}}],"collection":[{"href":"https:\/\/costadosolhotel.com.br\/index2.php\/wp-json\/wp\/v2\/pages"}],"about":[{"href":"https:\/\/costadosolhotel.com.br\/index2.php\/wp-json\/wp\/v2\/types\/page"}],"author":[{"embeddable":true,"href":"https:\/\/costadosolhotel.com.br\/index2.php\/wp-json\/wp\/v2\/users\/1"}],"replies":[{"embeddable":true,"href":"https:\/\/costadosolhotel.com.br\/index2.php\/wp-json\/wp\/v2\/comments?post=496"}],"version-history":[{"count":41,"href":"https:\/\/costadosolhotel.com.br\/index2.php\/wp-json\/wp\/v2\/pages\/496\/revisions"}],"predecessor-version":[{"id":502,"href":"https:\/\/costadosolhotel.com.br\/index2.php\/wp-json\/wp\/v2\/pages\/496\/revisions\/502"}],"wp:attachment":[{"href":"https:\/\/costadosolhotel.com.br\/index2.php\/wp-json\/wp\/v2\/media?parent=496"}],"curies":[{"name":"wp","href":"https:\/\/api.w.org\/{rel}","templated":true}]}}